{"id":220,"date":"2025-08-22T17:23:11","date_gmt":"2025-08-22T15:23:11","guid":{"rendered":"https:\/\/logopeda-teresin.eu\/?page_id=220"},"modified":"2025-08-29T16:13:20","modified_gmt":"2025-08-29T14:13:20","slug":"warto-przeczytac","status":"publish","type":"page","link":"https:\/\/logopeda-teresin.eu\/?page_id=220","title":{"rendered":"Jak Pomagam:"},"content":{"rendered":"\n<h1 class=\"wp-block-heading\">TERAPIA MIOFUNKCJONALNA<\/h1>\n\n\n\n<p>To ulubiona cz\u0119\u015b\u0107 mojej pracy. Celem terapii miofunkcjonalnej jest przywr\u00f3cenie prawid\u0142owych funkcji mi\u0119\u015bni twarzoczaszki, zapobieganie kompensacjom oraz nadmiernym napi\u0119ciom. Zaburzenia mog\u0105 objawia\u0107 si\u0119 nieprawid\u0142ow\u0105 pozycj\u0105 j\u0119zyka, nienormatywnym po\u0142ykaniem, oddychaniem przez usta, trudno\u015bciami w rozszerzaniu diety u ma\u0142ych dzieci oraz nieprawid\u0142ow\u0105 artykulacj\u0105.<\/p>\n\n\n\n<p>Nieleczone zaburzenia miofunkcjonalne mog\u0105 mie\u0107 wp\u0142yw na:<\/p>\n\n\n\n<ul class=\"wp-block-list\">\n<li>prawid\u0142owe \u017cucie i gryzienie,<\/li>\n\n\n\n<li>prawid\u0142owe po\u0142ykanie,<\/li>\n\n\n\n<li>prawid\u0142ow\u0105 pozycj\u0119 spoczynkow\u0105 j\u0119zyka, \u017cuchwy i warg,<\/li>\n\n\n\n<li>prawid\u0142owe oddychanie,<\/li>\n\n\n\n<li>prawid\u0142ow\u0105 artykulacj\u0119.<\/li>\n<\/ul>\n\n\n\n<hr class=\"wp-block-separator has-alpha-channel-opacity\"\/>\n\n\n\n<h1 class=\"wp-block-heading\">TERAPIA MANUALNA<\/h1>\n\n\n\n<p>W terapii manualnej, za pomoc\u0105 odpowiednich technik, d\u0105\u017c\u0119 do przywr\u00f3cenia prawid\u0142owego napi\u0119cia mi\u0119\u015bni twarzy, kt\u00f3re bior\u0105 udzia\u0142 m.in. w:<\/p>\n\n\n\n<ul class=\"wp-block-list\">\n<li>oddychaniu,<\/li>\n\n\n\n<li>po\u0142ykaniu (nieprawid\u0142owy typ po\u0142ykania powoduje niew\u0142a\u015bciwe kszta\u0142towanie si\u0119 ko\u015bci podniebienia i zgryzu),<\/li>\n\n\n\n<li>utrzymaniu prawid\u0142owej postawy cia\u0142a.<\/li>\n<\/ul>\n\n\n\n<hr class=\"wp-block-separator has-alpha-channel-opacity\"\/>\n\n\n\n<h1 class=\"wp-block-heading\">TAPING LOGOPEDYCZNY<\/h1>\n\n\n\n<p>Stosuj\u0119 go jako wsparcie terapii neurologopedycznej w zakresie:<\/p>\n\n\n\n<ul class=\"wp-block-list\">\n<li>wzmacniania mi\u0119\u015bni os\u0142abionych i nadmiernie napi\u0119tych,<\/li>\n\n\n\n<li>nauki prawid\u0142owej pozycji spoczynkowej j\u0119zyka,<\/li>\n\n\n\n<li>nauki prawid\u0142owego po\u0142ykania i ograniczania \u015blinienia,<\/li>\n\n\n\n<li>wspomagania oddychania torem nosowym.<\/li>\n<\/ul>\n\n\n\n<p><strong>Nie stosuj\u0119 tapingu u dzieci, kt\u00f3re odmawiaj\u0105 takiej formy terapii.<\/strong><\/p>\n\n\n\n<hr class=\"wp-block-separator has-alpha-channel-opacity\"\/>\n\n\n\n<h1 class=\"wp-block-heading\">SKR\u00d3CENIE W\u0118DZIDE\u0141KA J\u0118ZYKA<\/h1>\n\n\n\n<p>Przeprowadzam testy w\u0119dzide\u0142ka j\u0119zykowego, oceniaj\u0105c funkcje j\u0119zyka i okre\u015blaj\u0105c zaburzenia. Przygotowuj\u0119 diagnoz\u0119 miofunkcjonaln\u0105 z opisem problem\u00f3w, kompensacji, stopnia skr\u00f3cenia i budowy w\u0119dzide\u0142ka.<\/p>\n\n\n\n<p>Ka\u017cdy pacjent jest indywidualnie przygotowywany do ewentualnego zabiegu (je\u015bli tak\u0105 decyzj\u0119 podejmie lekarz, m.in. na podstawie mojego opisu) poprzez odpowiednie masa\u017ce i stymulacje \u2013 zar\u00f3wno przed, jak i po zabiegu.<\/p>\n\n\n\n<p>Niezwykle wa\u017cna jest dla mnie wsp\u00f3\u0142praca zespo\u0142owa z fizjoterapeut\u0105\/osteopat\u0105, laryngologiem i ortodont\u0105, poniewa\u017c pozwala to na holistyczne spojrzenie i skuteczn\u0105 pomoc.<\/p>\n\n\n\n<hr class=\"wp-block-separator has-alpha-channel-opacity\"\/>\n\n\n\n<h1 class=\"wp-block-heading\">WSPARCIE LECZENIA ORTODONTYCZNEGO<\/h1>\n\n\n\n<p>Leczenie wielospecjalistyczne jest najlepsz\u0105 drog\u0105 do osi\u0105gni\u0119cia prawid\u0142owego zgryzu. Terapia ortodontyczna b\u0119dzie skuteczna i trwa\u0142a (bez nawrot\u00f3w po jej zako\u0144czeniu) tylko wtedy, gdy zostanie zlikwidowana przyczyna zaburze\u0144.<\/p>\n\n\n\n<p>Dlatego tak wa\u017cne jest:<\/p>\n\n\n\n<ul class=\"wp-block-list\">\n<li>przygotowanie mi\u0119\u015bni twarzy,<\/li>\n\n\n\n<li>wy\u0107wiczenie prawid\u0142owej pozycji spoczynkowej j\u0119zyka,<\/li>\n\n\n\n<li>nauka prawid\u0142owego po\u0142ykania,<\/li>\n\n\n\n<li>nauka oddychania torem nosowym.<\/li>\n<\/ul>\n\n\n\n<hr class=\"wp-block-separator has-alpha-channel-opacity\"\/>\n\n\n\n<h1 class=\"wp-block-heading\">TERAPIA WAD WYMOWY<\/h1>\n\n\n\n<p>Terapia wad wymowy wymaga ustalenia przyczyny, rodzaju i stopnia zaburze\u0144. Po ka\u017cdej wizycie pacjent otrzymuje zestaw \u0107wicze\u0144, kt\u00f3re musz\u0105 by\u0107 regularnie utrwalane w domu.<\/p>\n\n\n\n<p><strong>Systematyczno\u015b\u0107 jest kluczem do sukcesu i automatyzacji prawid\u0142owej wymowy.<\/strong><\/p>\n\n\n\n<hr class=\"wp-block-separator has-alpha-channel-opacity\"\/>\n\n\n\n<h1 class=\"wp-block-heading\">TERAPIA KOMUNIKACJI<\/h1>\n\n\n\n<p>Terapia rozpoczyna si\u0119 od dok\u0142adnej diagnozy trudno\u015bci komunikacyjnych, co pozwala na dobranie odpowiednich metod pracy. Jej celem jest rozwijanie rozumienia komunikat\u00f3w, umiej\u0119tno\u015bci j\u0119zykowych i spo\u0142ecznych oraz kszta\u0142towanie intencji komunikacyjnej.<\/p>\n\n\n\n<p>Terapia skierowana jest do pacjent\u00f3w z takimi trudno\u015bciami, jak:<\/p>\n\n\n\n<ul class=\"wp-block-list\">\n<li>op\u00f3\u017aniony rozw\u00f3j mowy,<\/li>\n\n\n\n<li>autyzm,<\/li>\n\n\n\n<li>afazja,<\/li>\n\n\n\n<li>trudno\u015bci w nawi\u0105zywaniu kontakt\u00f3w spo\u0142ecznych.<\/li>\n<\/ul>\n\n\n\n<p>W pracy stosuj\u0119 m.in. <strong>werbogesty<\/strong>, kt\u00f3re u\u0142atwiaj\u0105 komunikacj\u0119, toruj\u0105 mow\u0119, wspieraj\u0105 wsp\u00f3\u0142dzielenie uwagi i prowadz\u0105 do rozmowy.<\/p>\n","protected":false},"excerpt":{"rendered":"<p>TERAPIA MIOFUNKCJONALNA To ulubiona cz\u0119\u015b\u0107 mojej pracy. Celem terapii miofunkcjonalnej jest przywr\u00f3cenie prawid\u0142owych funkcji mi\u0119\u015bni twarzoczaszki, zapobieganie kompensacjom oraz nadmiernym napi\u0119ciom. Zaburzenia mog\u0105 objawia\u0107 si\u0119 [&hellip;]<\/p>\n","protected":false},"author":1,"featured_media":0,"parent":0,"menu_order":0,"comment_status":"closed","ping_status":"closed","template":"","meta":{"footnotes":""},"class_list":["post-220","page","type-page","status-publish","hentry"],"_links":{"self":[{"href":"https:\/\/logopeda-teresin.eu\/index.php?rest_route=\/wp\/v2\/pages\/220","targetHints":{"allow":["GET"]}}],"collection":[{"href":"https:\/\/logopeda-teresin.eu\/index.php?rest_route=\/wp\/v2\/pages"}],"about":[{"href":"https:\/\/logopeda-teresin.eu\/index.php?rest_route=\/wp\/v2\/types\/page"}],"author":[{"embeddable":true,"href":"https:\/\/logopeda-teresin.eu\/index.php?rest_route=\/wp\/v2\/users\/1"}],"replies":[{"embeddable":true,"href":"https:\/\/logopeda-teresin.eu\/index.php?rest_route=%2Fwp%2Fv2%2Fcomments&post=220"}],"version-history":[{"count":7,"href":"https:\/\/logopeda-teresin.eu\/index.php?rest_route=\/wp\/v2\/pages\/220\/revisions"}],"predecessor-version":[{"id":292,"href":"https:\/\/logopeda-teresin.eu\/index.php?rest_route=\/wp\/v2\/pages\/220\/revisions\/292"}],"wp:attachment":[{"href":"https:\/\/logopeda-teresin.eu\/index.php?rest_route=%2Fwp%2Fv2%2Fmedia&parent=220"}],"curies":[{"name":"wp","href":"https:\/\/api.w.org\/{rel}","templated":true}]}}